{"id":1845,"date":"2018-10-01T11:53:10","date_gmt":"2018-10-01T11:53:10","guid":{"rendered":"http:\/\/vinsrapp.com\/?page_id=1845"},"modified":"2025-07-10T14:06:15","modified_gmt":"2025-07-10T14:06:15","slug":"politique-de-confidentialite-rgpd","status":"publish","type":"page","link":"https:\/\/vinsrapp.com\/?page_id=1845","title":{"rendered":"Politique de confidentialit\u00e9 RGPD"},"content":{"rendered":"<h1>POLITIQUE DE CONFIDENTIALITE \/ RGPD<\/h1>\n<p><u>Derni\u00e8re mise \u00e0 jour : 19\/09\/2018<\/u><\/p>\n<p>L\u2019EARL RAPP Jean et Guillaume a pour ambition d\u2019\u00eatre une entreprise citoyenne exemplaire. Nous accordons une grande valeur \u00e0 l\u2019honn\u00eatet\u00e9 et \u00e0 la clart\u00e9 et avons \u00e0 c\u0153ur de construire avec nos clients des relations fortes et durables, fond\u00e9es sur la confiance et l\u2019int\u00e9r\u00eat mutuel. Conform\u00e9ment \u00e0 cette philosophie, la protection de vos donn\u00e9es personnelles est essentielle \u00e0 nos yeux et nous souhaitons vous informer par l\u2019interm\u00e9diaire de la pr\u00e9sente politique de protection des donn\u00e9es personnelles de la mani\u00e8re dont nous collectons et traitons ces donn\u00e9es.<\/p>\n<p>La pr\u00e9sente politique de confidentialit\u00e9 d\u00e9finit et vous informe de la mani\u00e8re dont l\u2019EARL RAPP Jean et Guillaume utilise et prot\u00e8ge les informations que vous nous transmettez, le cas \u00e9ch\u00e9ant, lorsque vous utilisez le pr\u00e9sent site accessible \u00e0 partir de l\u2019URL suivante\u00a0: <a href=\"https:\/\/vinsrapp.com\/\">https:\/\/vinsrapp.com\/<\/a> (ci-apr\u00e8s le \u00ab Site \u00bb).<\/p>\n<p>Veuillez noter que cette politique de confidentialit\u00e9 est susceptible d\u2019\u00eatre modifi\u00e9e ou compl\u00e9t\u00e9e \u00e0 tout moment par l\u2019EARL RAPP Jean et Guillaume, notamment en vue de se conformer \u00e0 toute \u00e9volution l\u00e9gislative, r\u00e8glementaire, jurisprudentielle ou technologique. Dans un tel cas, la date de sa mise \u00e0 jour sera clairement identifi\u00e9e en t\u00eate de la pr\u00e9sente politique. Ces modifications engagent l\u2019Utilisateur d\u00e8s leur mise en ligne. Il convient par cons\u00e9quent que l\u2019Utilisateur consulte r\u00e9guli\u00e8rement la pr\u00e9sente politique de confidentialit\u00e9 afin de prendre connaissance de ses \u00e9ventuelles modifications.<\/p>\n<ol>\n<li><strong> DONNEES PERSONNELLES<\/strong><\/li>\n<\/ol>\n<p>D\u2019une mani\u00e8re g\u00e9n\u00e9rale, il vous est possible de visiter le Site sans communiquer aucune information personnelle vous concernant. En toute hypoth\u00e8se, vous \u00eates en aucune mani\u00e8re oblig\u00e9 de transmettre ces informations \u00e0 l\u2019EARL RAPP Jean et Guillaume. N\u00e9anmoins, en cas de refus, il se peut que vous ne puissiez pas b\u00e9n\u00e9ficier de certaines informations ou services que vous avez demand\u00e9. A ce titre en effet, l\u2019EARL RAPP Jean et Guillaume peut \u00eatre amen\u00e9 dans certains cas \u00e0 vous demander de renseigner (ci-apr\u00e8s vos \u00ab Informations Personnelles \u00bb):<\/p>\n<ul>\n<li>pr\u00e9nom et nom de famille ;<\/li>\n<li>adresse de courrier \u00e9lectronique ;<\/li>\n<li>num\u00e9ro de t\u00e9l\u00e9phone ;<\/li>\n<li>adresse postale ;<\/li>\n<li>toute demande particuli\u00e8re que vous pourriez nous adresser<\/li>\n<li>informations de paiement (sur les Supports commerce \u00e9lectronique) ;<\/li>\n<li>votre historique d\u2019achats (sur les Supports commerce \u00e9lectronique) ;<\/li>\n<\/ul>\n<p>En fournissant ces informations, vous acceptez express\u00e9ment qu\u2019elles soient trait\u00e9es par l\u2019EARL RAPP Jean et Guillaume, aux fins indiqu\u00e9es au point 2 ci-dessous ainsi qu\u2019aux fins rappel\u00e9es \u00e0 la fin de chaque formulaire.<\/p>\n<p>Conform\u00e9ment au R\u00e8glement G\u00e9n\u00e9ral sur la Protection des Donn\u00e9es (General Data Protection R\u00e9gulation) adopt\u00e9 par le Parlement europ\u00e9en le 14 avril 2016, et \u00e0 la Loi Informatique et Libert\u00e9s du 6 janvier 1978 modifi\u00e9e, l\u2019EARL RAPP Jean et Guillaume vous informe des points suivants :<\/p>\n<ol>\n<li><strong> Identit\u00e9 du responsable du traitement<\/strong><\/li>\n<\/ol>\n<p>Le responsable du traitement est la soci\u00e9t\u00e9 EARL RAPP Jean et Guillaume, ayant son si\u00e8ge social au 1 Faubourg des Vosges 67120 Dorlisheim, France, t\u00e9l\u00e9phone 03 88 38 28 43, Email <u>vins-rapp@wanadoo.fr<\/u><\/p>\n<ol start=\"2\">\n<li><strong> Finalit\u00e9s du traitement<\/strong><\/li>\n<\/ol>\n<p>L\u2019EARL RAPP Jean et Guillaume est susceptible de traiter vos Informations Personnelles :<\/p>\n<ul>\n<li>(a) aux fins de vous fournir les informations ou les services que vous avez demand\u00e9 de recevoir (information sur un \u00e9v\u00e9nement \u00e0 venir ou envoi de nos lettres de diffusion suite \u00e0 inscription de votre part) ; et\/ou<\/li>\n<li>\u00a0(b) aux fins de pouvoir vous contacter \u00e0 propos de diff\u00e9rents \u00e9v\u00e8nements relatifs \u00e0 l\u2019EARL RAPP Jean et Guillaume.<\/li>\n<\/ul>\n<ol start=\"3\">\n<li><strong> Destinataires<\/strong><\/li>\n<\/ol>\n<p>Seul l\u2019EARL RAPP Jean et Guillaume est destinataire de vos Informations Personnelles. Celles-ci, que ce soit sous forme individuelle ou agr\u00e9g\u00e9e, ne sont jamais transmises \u00e0 un tiers, nonobstant les sous-traitants auxquels l\u2019EARL RAPP Jean et Guillaume fait appel (vous trouverez de plus amples informations \u00e0 leur sujet au point 7 ci-dessous). Ni l\u2019EARL RAPP Jean et Guillaume, ni l\u2019un quelconque de ses sous-traitants, ne proc\u00e8dent \u00e0 la commercialisation des donn\u00e9es personnelles des visiteurs et Utilisateurs de son Site.<\/p>\n<ol start=\"4\">\n<li><strong> Dur\u00e9e de conservation<\/strong><\/li>\n<\/ol>\n<p>Vos Informations Personnelles sont conserv\u00e9es par l\u2019EARL RAPP Jean et Guillaume uniquement pour le temps correspondant \u00e0 la finalit\u00e9 de la collecte tel qu\u2019indiqu\u00e9 en 2 ci-dessus qui ne saurait en tout \u00e9tat de cause exc\u00e9der 36 mois.<\/p>\n<ol start=\"5\">\n<li><strong> Droits Informatique et Libert\u00e9s<\/strong><\/li>\n<\/ol>\n<p>Vous disposez des droits suivants concernant vos Informations Personnelles, que vous pouvez exercer en nous \u00e9crivant \u00e0 l\u2019adresse email (<a href=\"mailto:vins-rapp@wanadoo.fr\">vins-rapp@wanadoo.fr<\/a>), \u00e0 l\u2019adresse postale (cf point 1) ou en utilisant le formulaire de contact pr\u00e9sent sur le Site \u00e0 l\u2019adresse url suivante : <a href=\"https:\/\/www.styl-list.com\/index.php\/contact-styl-list-images\">hhttp:\/\/www.emailmeform.com\/builder\/form\/q1W760b408A5k05lSMx24Gri<\/a><\/p>\n<p><u>Droit d\u2019acc\u00e8s et de communication des donn\u00e9es<\/u><\/p>\n<p>Vous avez la facult\u00e9 d\u2019acc\u00e9der aux Informations Personnelles qui vous concernent. Cependant, en raison de l\u2019obligation de s\u00e9curit\u00e9 et de confidentialit\u00e9 dans le traitement des donn\u00e9es \u00e0 caract\u00e8re personnel qui incombe \u00e0 l\u2019EARL RAPP Jean et Guillaume, vous \u00eates inform\u00e9 que votre demande sera trait\u00e9e sous r\u00e9serve que vous rapportiez la preuve de votre identit\u00e9, notamment par la production d\u2019une photocopie sign\u00e9e de votre titre d\u2019identit\u00e9 valide (demande adress\u00e9e par \u00e9crit).<\/p>\n<p>L\u2019EARL RAPP Jean et Guillaume vous informe qu\u2019il sera en droit, le cas \u00e9ch\u00e9ant, de s\u2019opposer aux demandes manifestement abusives (de par leur nombre, leur caract\u00e8re r\u00e9p\u00e9titif ou syst\u00e9matique). Pour vous aider dans votre d\u00e9marche, notamment si vous d\u00e9sirez exercer votre droit d\u2019acc\u00e8s par le biais d\u2019une demande \u00e9crite \u00e0 l\u2019adresse postale mentionn\u00e9e au point 1, vous trouverez en cliquant sur le lien suivant un mod\u00e8le de courrier \u00e9labor\u00e9 par la Commission Nationale de l\u2019Informatique et des Libert\u00e9s (la \u00ab CNIL \u00bb).<\/p>\n<p><a href=\"https:\/\/www.cnil.fr\/fr\/modele\/courrier\/exercer-son-droit-dacces\">https:\/\/www.cnil.fr\/fr\/modele\/courrier\/exercer-son-droit-dacces<\/a><\/p>\n<p><u>Droit de rectification des donn\u00e9es<\/u><\/p>\n<p>Au titre de ce droit, la l\u00e9gislation vous habilite \u00e0 demander la rectification, la mise \u00e0 jour, le verrouillage ou encore l\u2019effacement des donn\u00e9es vous concernant qui peuvent s\u2019av\u00e9rer le cas \u00e9ch\u00e9ant inexactes, erron\u00e9es, incompl\u00e8tes ou obsol\u00e8tes. \u00c9galement, vous pouvez d\u00e9finir des directives g\u00e9n\u00e9rales et particuli\u00e8res relatives au sort des donn\u00e9es \u00e0 caract\u00e8re personnel apr\u00e8s votre d\u00e9c\u00e8s. Le cas \u00e9ch\u00e9ant, les h\u00e9ritiers d\u2019une personne d\u00e9c\u00e9d\u00e9e peuvent exiger de prendre en consid\u00e9ration le d\u00e9c\u00e8s de leur proche et\/ou de proc\u00e9der aux mises \u00e0 jour n\u00e9cessaires. Pour vous aider dans votre d\u00e9marche, notamment si vous d\u00e9sirez exercer, pour votre propre compte ou pour le compte de l\u2019un de vos proches d\u00e9c\u00e9d\u00e9, votre droit de rectification par le biais d\u2019une demande \u00e9crite \u00e0 l\u2019adresse postale mentionn\u00e9e au point 1, vous trouverez en cliquant sur le lien suivant un mod\u00e8le de courrier \u00e9labor\u00e9 par la CNIL.<\/p>\n<p><a href=\"https:\/\/www.cnil.fr\/fr\/modele\/courrier\/rectifier-des-donnees-inexactes-obsoletes-ou-perimees\">https:\/\/www.cnil.fr\/fr\/modele\/courrier\/rectifier-des-donnees-inexactes-obsoletes-ou-perimees<\/a><\/p>\n<p><u>Droit d\u2019opposition<\/u><\/p>\n<p>L\u2019exercice de ce droit n\u2019est possible que dans l\u2019une des deux situations suivantes : Lorsque l\u2019exercice de ce droit est fond\u00e9 sur des motifs l\u00e9gitimes ; ou Lorsque l\u2019exercice de ce droit vise \u00e0 faire obstacle \u00e0 ce que les donn\u00e9es recueillies soient utilis\u00e9es \u00e0 des fins de prospection commerciale. Pour vous aider dans votre d\u00e9marche, notamment si vous d\u00e9sirez exercer votre droit d\u2019opposition par le biais d\u2019une demande \u00e9crite adress\u00e9e \u00e0 l\u2019adresse postale indiqu\u00e9e au point 1, vous trouverez en cliquant sur le lien suivant un mod\u00e8le de courrier \u00e9labor\u00e9 par la CNIL.<\/p>\n<p><a href=\"https:\/\/www.cnil.fr\/fr\/modele\/courrier\/supprimer-des-informations-vous-concernant-dun-site-internet\">https:\/\/www.cnil.fr\/fr\/modele\/courrier\/supprimer-des-informations-vous-concernant-dun-site-internet<\/a><\/p>\n<ol start=\"6\">\n<li><strong> D\u00e9lais de r\u00e9ponse<\/strong><\/li>\n<\/ol>\n<p>L\u2019EARL RAPP Jean et Guillaume s\u2019engage \u00e0 r\u00e9pondre \u00e0 votre demande d\u2019acc\u00e8s, de rectification ou d\u2019opposition ou toute autre demande compl\u00e9mentaire d\u2019informations dans un d\u00e9lai raisonnable qui ne saurait d\u00e9passer 1 mois \u00e0 compter de la r\u00e9ception de votre demande.<\/p>\n<ol start=\"7\">\n<li><strong> Prestataires habilit\u00e9s et transfert vers un pays tiers de l\u2019Union Europ\u00e9enne<\/strong><\/li>\n<\/ol>\n<p>L\u2019EARL RAPP Jean et Guillaume vous informe qu\u2019il a recours \u00e0 ses prestataires habilit\u00e9s pour faciliter le recueil et le traitement des donn\u00e9es que vous nous avez communiqu\u00e9. Ces prestataires peuvent \u00eatre situ\u00e9s en dehors de l\u2019Union Europ\u00e9enne et ont communication des donn\u00e9es recueillies par le biais du formulaire pr\u00e9sent sur le Site.<\/p>\n<ol start=\"8\">\n<li><strong> Plainte aupr\u00e8s de l\u2019autorit\u00e9 comp\u00e9tente<\/strong><\/li>\n<\/ol>\n<p>Si vous consid\u00e9rez que l\u2019EARL RAPP Jean et Guillaume ne respecte pas ses obligations au regard de vos Informations Personnelles, vous pouvez adresser une plainte ou une demande aupr\u00e8s de l\u2019autorit\u00e9 comp\u00e9tente. En France, l\u2019autorit\u00e9 comp\u00e9tente est la CNIL \u00e0 laquelle vous pouvez adresser une demande par voie \u00e9lectronique en cliquant sur le lien suivant :<\/p>\n<p><a href=\"https:\/\/www.cnil.fr\/fr\/plaintes\/internet\">https:\/\/www.cnil.fr\/fr\/plaintes\/internet<\/a><\/p>\n","protected":false},"excerpt":{"rendered":"<p>POLITIQUE DE CONFIDENTIALITE \/ RGPD Derni\u00e8re mise \u00e0 jour : 19\/09\/2018 L\u2019EARL RAPP Jean et Guillaume a pour ambition d\u2019\u00eatre une entreprise citoyenne exemplaire. Nous accordons une grande valeur \u00e0 l\u2019honn\u00eatet\u00e9 et \u00e0 la clart\u00e9 et avons \u00e0 c\u0153ur de construire avec nos clients des relations fortes et durables, fond\u00e9es sur la confiance et l\u2019int\u00e9r\u00eat &hellip; <a href=\"https:\/\/vinsrapp.com\/?page_id=1845\" class=\"more-link\">Continuer la lecture de <span class=\"screen-reader-text\">Politique de confidentialit\u00e9 RGPD<\/span>  <span class=\"meta-nav\">&rarr;<\/span><\/a><\/p>\n","protected":false},"author":1,"featured_media":0,"parent":597,"menu_order":0,"comment_status":"closed","ping_status":"closed","template":"","meta":{"footnotes":""},"class_list":["post-1845","page","type-page","status-publish","hentry"],"_links":{"self":[{"href":"https:\/\/vinsrapp.com\/index.php?rest_route=\/wp\/v2\/pages\/1845","targetHints":{"allow":["GET"]}}],"collection":[{"href":"https:\/\/vinsrapp.com\/index.php?rest_route=\/wp\/v2\/pages"}],"about":[{"href":"https:\/\/vinsrapp.com\/index.php?rest_route=\/wp\/v2\/types\/page"}],"author":[{"embeddable":true,"href":"https:\/\/vinsrapp.com\/index.php?rest_route=\/wp\/v2\/users\/1"}],"replies":[{"embeddable":true,"href":"https:\/\/vinsrapp.com\/index.php?rest_route=%2Fwp%2Fv2%2Fcomments&post=1845"}],"version-history":[{"count":1,"href":"https:\/\/vinsrapp.com\/index.php?rest_route=\/wp\/v2\/pages\/1845\/revisions"}],"predecessor-version":[{"id":1846,"href":"https:\/\/vinsrapp.com\/index.php?rest_route=\/wp\/v2\/pages\/1845\/revisions\/1846"}],"up":[{"embeddable":true,"href":"https:\/\/vinsrapp.com\/index.php?rest_route=\/wp\/v2\/pages\/597"}],"wp:attachment":[{"href":"https:\/\/vinsrapp.com\/index.php?rest_route=%2Fwp%2Fv2%2Fmedia&parent=1845"}],"curies":[{"name":"wp","href":"https:\/\/api.w.org\/{rel}","templated":true}]}}